{"id":123,"date":"2015-11-10T12:10:36","date_gmt":"2015-11-10T12:10:36","guid":{"rendered":"http:\/\/mediakraft.se\/jobb\/skolledarna\/?page_id=123"},"modified":"2015-11-18T10:41:43","modified_gmt":"2015-11-18T10:41:43","slug":"villkoren","status":"publish","type":"page","link":"https:\/\/mediakraft.se\/jobb\/skolledarna\/villkoren\/","title":{"rendered":"Villkor f\u00f6r att annonsera hos Sveriges Skolledarf\u00f6rbund"},"content":{"rendered":"<p><strong>Platser som kan publiceras hos Sveriges Skolledarf\u00f6rbund:<\/strong><\/p>\n<ul>\n<li>Ledig plats som \u00e4r ett erbjudande om en anst\u00e4llning hos en arbetsgivare.<\/li>\n<li>Alla tj\u00e4nster\/platser ska g\u00e5 att s\u00f6ka utifr\u00e5n den information som finns i annonsen.<\/li>\n<li>Annonser fr\u00e5n bemanningsf\u00f6retag om de har ett konkret anst\u00e4llningsuppdrag fr\u00e5n en arbetsgivare<\/li>\n<\/ul>\n<p><strong>Platser som inte ska publiceras hos Sveriges Skolledarf\u00f6rbund:<\/strong><\/p>\n<ul>\n<li>Aktiviteter, som frukostm\u00f6ten eller intresseanm\u00e4lningar, d\u00e5 dessa inte r\u00e4knas som ett erbjudande om en anst\u00e4llning.<\/li>\n<li>Sveriges Skolledarf\u00f6rbund f\u00f6rbeh\u00e5ller sig r\u00e4tten att omedelbart ta bort information som lagts in av arbetsgivare om de strider mot grundvillkoren<\/li>\n<\/ul>\n<p><strong>Sveriges Skolledarf\u00f6rbund har r\u00e4tt att avst\u00e5 fr\u00e5n att publicera en ledig plats om:<\/strong><\/p>\n<ul>\n<li>Det \u00e4r uppenbart att arbetsgivaren bedriver en verksamhet som medf\u00f6r att arbetstagarna kan f\u00f6rv\u00e4ntas medverka till n\u00e5got lagbrott.<\/li>\n<li>Anst\u00e4llningen f\u00f6ruts\u00e4tter att s\u00f6kanden sj\u00e4lv svarar f\u00f6r kostnader f\u00f6r till exempel utbildning eller tester f\u00f6r att komma till st\u00e5nd<\/li>\n<li>Arbetsgivaren inte kommer att fullf\u00f6lja sina \u00e5taganden gentemot den anst\u00e4llde<\/li>\n<li>De uppgifter som arbetsgivaren l\u00e4mnat inte st\u00e4mmer \u00f6verens med vad som g\u00e4ller f\u00f6r anst\u00e4llningen.<\/li>\n<\/ul>\n<p>Sveriges Skolledarf\u00f6rbund har \u00e4ven r\u00e4tt att avst\u00e5 fr\u00e5n att publicera en ledig plats n\u00e4r anst\u00e4llningen \u00e4r av s\u00e5dan art att den allm\u00e4nt kan uppfattas som st\u00f6tande eller att det i \u00f6vrigt r\u00e5der s\u00e5dana f\u00f6rh\u00e5llanden att det klart framst\u00e5r som ol\u00e4mpligt att medverka vid rekrytering.<\/p>\n<p><strong>Vid publicering av platser f\u00e5r k\u00f6ns- och \u00e5ldersangivelser f\u00f6rekomma i f\u00f6ljande fall:<\/strong><\/p>\n<ul>\n<li>N\u00e4r lagar, f\u00f6rordningar och kollektivavtal f\u00f6reskriver en viss \u00e5lder.<\/li>\n<li>N\u00e4r \u00e5lder och k\u00f6n anges av arbetsmarknadspolitiska sk\u00e4l till exempel f\u00f6r att underl\u00e4tta f\u00f6r vissa grupper att f\u00e5 arbete eller n\u00e4r f\u00f6retag med oj\u00e4mn k\u00f6nsf\u00f6rdelning i sin annonsering vill rikta sig till endera k\u00f6net med st\u00f6d av diskrimineringslagen.<\/li>\n<li>Det \u00e4r bra att k\u00e4nna till om diskrimineringslagen n\u00e4r du formulerar och publicerar annonser om lediga platser.<\/li>\n<\/ul>\n<p>Uppt\u00e4cker du eventuellt missbruk kan du kontakta <a href=\"mailto:skolledarna.jobb@mediakraft.se\" target=\"_blank\">skolledarna.jobb@mediakraft.se<\/a><\/p>\n","protected":false},"excerpt":{"rendered":"<p>Platser som kan publiceras hos Sveriges Skolledarf\u00f6rbund: Ledig plats som \u00e4r ett erbjudande om en anst\u00e4llning hos en arbetsgivare. Alla tj\u00e4nster\/platser ska g\u00e5 att s\u00f6ka utifr\u00e5n den information som finns i annonsen. Annonser fr\u00e5n bemanningsf\u00f6retag om de har ett konkret&nbsp;<a class=\"more-link\" href=\"https:\/\/mediakraft.se\/jobb\/skolledarna\/villkoren\/\" rel=\"nofollow\">L\u00e4s mer&#8230;<\/a><\/p>\n","protected":false},"author":1,"featured_media":0,"parent":0,"menu_order":0,"comment_status":"closed","ping_status":"closed","template":"","meta":{"_genesis_hide_title":false,"_genesis_hide_breadcrumbs":false,"_genesis_hide_singular_image":false,"_genesis_hide_footer_widgets":false,"_genesis_custom_body_class":"","_genesis_custom_post_class":"","_genesis_layout":""},"yoast_head":"<!-- This site is optimized with the Yoast SEO plugin v15.2.1 - https:\/\/yoast.com\/wordpress\/plugins\/seo\/ -->\n<title>Villkor f\u00f6r att annonsera hos Sveriges Skolledarf\u00f6rbund | Skolledarna platsannonser<\/title>\n<meta name=\"description\" content=\"Platser som kan publiceras hos Sveriges Skolledarf\u00f6rbund: Ledig plats som \u00e4r ett erbjudande om en anst\u00e4llning hos en arbetsgivare. Alla tj\u00e4nster\/platser\" \/>\n<meta name=\"robots\" content=\"noindex, follow\" \/>\n<meta property=\"og:locale\" content=\"sv_SE\" \/>\n<meta property=\"og:type\" content=\"article\" \/>\n<meta property=\"og:title\" content=\"Villkor f\u00f6r att annonsera hos Sveriges Skolledarf\u00f6rbund | Skolledarna platsannonser\" \/>\n<meta property=\"og:description\" content=\"Platser som kan publiceras hos Sveriges Skolledarf\u00f6rbund: Ledig plats som \u00e4r ett erbjudande om en anst\u00e4llning hos en arbetsgivare. Alla tj\u00e4nster\/platser\" \/>\n<meta property=\"og:url\" content=\"https:\/\/mediakraft.se\/jobb\/skolledarna\/villkoren\/\" \/>\n<meta property=\"og:site_name\" content=\"Skolledarna platsannonser\" \/>\n<meta property=\"article:publisher\" content=\"https:\/\/www.facebook.com\/SverigesSkolledarforbund\" \/>\n<meta property=\"article:modified_time\" content=\"2015-11-18T10:41:43+00:00\" \/>\n<meta property=\"og:image\" content=\"https:\/\/mediakraft.se\/jobb\/skolledarna\/wp-content\/uploads\/sites\/2\/2015\/10\/logo.png\" \/>\n\t<meta property=\"og:image:width\" content=\"350\" \/>\n\t<meta property=\"og:image:height\" content=\"95\" \/>\n<meta name=\"twitter:card\" content=\"summary\" \/>\n<meta name=\"twitter:creator\" content=\"@Skolledare\" \/>\n<meta name=\"twitter:site\" content=\"@Skolledare\" \/>\n<meta name=\"twitter:label1\" content=\"Skriven av\">\n\t<meta name=\"twitter:data1\" content=\"zzivkovic\">\n\t<meta name=\"twitter:label2\" content=\"Ber\u00e4knad l\u00e4stid\">\n\t<meta name=\"twitter:data2\" content=\"1 minut\">\n<script type=\"application\/ld+json\" class=\"yoast-schema-graph\">{\"@context\":\"https:\/\/schema.org\",\"@graph\":[{\"@type\":\"WebSite\",\"@id\":\"https:\/\/mediakraft.se\/jobb\/skolledarna\/#website\",\"url\":\"https:\/\/mediakraft.se\/jobb\/skolledarna\/\",\"name\":\"Skolledarna platsannonser\",\"description\":\"Platsannonser f\\u00f6r Sveriges viktigaste chefer  - Fackf\\u00f6rbundet f\\u00f6r chefer inom utbildningsomr\\u00e5det\",\"potentialAction\":[{\"@type\":\"SearchAction\",\"target\":\"https:\/\/mediakraft.se\/jobb\/skolledarna\/?s={search_term_string}\",\"query-input\":\"required name=search_term_string\"}],\"inLanguage\":\"sv-SE\"},{\"@type\":\"WebPage\",\"@id\":\"https:\/\/mediakraft.se\/jobb\/skolledarna\/villkoren\/#webpage\",\"url\":\"https:\/\/mediakraft.se\/jobb\/skolledarna\/villkoren\/\",\"name\":\"Villkor f\\u00f6r att annonsera hos Sveriges Skolledarf\\u00f6rbund | Skolledarna platsannonser\",\"isPartOf\":{\"@id\":\"https:\/\/mediakraft.se\/jobb\/skolledarna\/#website\"},\"datePublished\":\"2015-11-10T12:10:36+00:00\",\"dateModified\":\"2015-11-18T10:41:43+00:00\",\"description\":\"Platser som kan publiceras hos Sveriges Skolledarf\\u00f6rbund: Ledig plats som \\u00e4r ett erbjudande om en anst\\u00e4llning hos en arbetsgivare. Alla tj\\u00e4nster\/platser\",\"inLanguage\":\"sv-SE\",\"potentialAction\":[{\"@type\":\"ReadAction\",\"target\":[\"https:\/\/mediakraft.se\/jobb\/skolledarna\/villkoren\/\"]}]}]}<\/script>\n<!-- \/ Yoast SEO plugin. -->","_links":{"self":[{"href":"https:\/\/mediakraft.se\/jobb\/skolledarna\/wp-json\/wp\/v2\/pages\/123"}],"collection":[{"href":"https:\/\/mediakraft.se\/jobb\/skolledarna\/wp-json\/wp\/v2\/pages"}],"about":[{"href":"https:\/\/mediakraft.se\/jobb\/skolledarna\/wp-json\/wp\/v2\/types\/page"}],"author":[{"embeddable":true,"href":"https:\/\/mediakraft.se\/jobb\/skolledarna\/wp-json\/wp\/v2\/users\/1"}],"replies":[{"embeddable":true,"href":"https:\/\/mediakraft.se\/jobb\/skolledarna\/wp-json\/wp\/v2\/comments?post=123"}],"version-history":[{"count":4,"href":"https:\/\/mediakraft.se\/jobb\/skolledarna\/wp-json\/wp\/v2\/pages\/123\/revisions"}],"predecessor-version":[{"id":137,"href":"https:\/\/mediakraft.se\/jobb\/skolledarna\/wp-json\/wp\/v2\/pages\/123\/revisions\/137"}],"wp:attachment":[{"href":"https:\/\/mediakraft.se\/jobb\/skolledarna\/wp-json\/wp\/v2\/media?parent=123"}],"curies":[{"name":"wp","href":"https:\/\/api.w.org\/{rel}","templated":true}]}}